{"id":917,"date":"2020-07-16T18:11:13","date_gmt":"2020-07-16T16:11:13","guid":{"rendered":"https:\/\/berdintasun.org\/?post_type=portfolio&#038;p=917"},"modified":"2020-07-17T11:38:21","modified_gmt":"2020-07-17T09:38:21","slug":"jardunaldiak","status":"publish","type":"portfolio","link":"https:\/\/berdintasun.org\/eu\/portfolio-item\/jardunaldiak\/","title":{"rendered":"Jardunaldiak"},"content":{"rendered":"\n<style type=\"text\/css\" data-created_by=\"avia_inline_auto\" id=\"style-css-av-k9v9cxa0-725c2610ab67305495e970e99a4772aa\">\n.avia-section.av-k9v9cxa0-725c2610ab67305495e970e99a4772aa{\nbackground-color:#ffffff;\nbackground-image:unset;\n}\n.avia-section.av-k9v9cxa0-725c2610ab67305495e970e99a4772aa .av-extra-border-element .av-extra-border-inner{\nbackground-color:#ffffff;\n}\n<\/style>\n<div id='av_section_1'  class='avia-section av-k9v9cxa0-725c2610ab67305495e970e99a4772aa main_color avia-section-default avia-no-border-styling  avia-builder-el-0  el_before_av_section  avia-builder-el-first  avia-bg-style-scroll av-arrow-down-section container_wrap fullsize'  ><div class='container av-section-cont-open' ><main  class='template-page content  av-content-full alpha units'><div class='post-entry post-entry-type-page post-entry-917'><div class='entry-content-wrapper clearfix'>\n\n<style type=\"text\/css\" data-created_by=\"avia_inline_auto\" id=\"style-css-av-59sw-674edf6921da07bebca36885b0a2fcdd\">\n.flex_column.av-59sw-674edf6921da07bebca36885b0a2fcdd{\nborder-radius:0px 0px 0px 0px;\npadding:0px 0px 0px 0px;\n}\n<\/style>\n<div  class='flex_column av-59sw-674edf6921da07bebca36885b0a2fcdd av_two_third  avia-builder-el-1  el_before_av_one_third  avia-builder-el-first  first flex_column_div av-zero-column-padding  '     ><style type=\"text\/css\" data-created_by=\"avia_inline_auto\" id=\"style-css-av-k9v99abb-b1b6595c1fe93bffd0a52fd241354bcf\">\n#top .avia-gallery.av-k9v99abb-b1b6595c1fe93bffd0a52fd241354bcf .avia-gallery-thumb a{\nwidth:16.6667%;\n}\n<\/style>\n<div  class='avia-gallery av-k9v99abb-b1b6595c1fe93bffd0a52fd241354bcf avia_animate_when_visible  avia-builder-el-2  avia-builder-el-no-sibling  av-hide-gallery-thumbs deactivate_avia_lazyload av-slideshow-ui av-loop-manual-endless av-control-hidden av-navigate-arrows av-navigate-dots hover-effect av-control-hidden avia-gallery-animate avia-gallery-1' ><meta itemprop=\"contentURL\" content=\"https:\/\/berdintasun.org\/eu\/portfolio-item\/jardunaldiak\/\"><a class='avia-gallery-big fakeLightbox lightbox avia-gallery-big-crop-thumb ' href=\"https:\/\/berdintasun.org\/wp-content\/uploads\/2020\/05\/3412.jpg\" data-srcset=\"https:\/\/berdintasun.org\/wp-content\/uploads\/2020\/05\/3412.jpg 800w, https:\/\/berdintasun.org\/wp-content\/uploads\/2020\/05\/3412-300x203.jpg 300w, https:\/\/berdintasun.org\/wp-content\/uploads\/2020\/05\/3412-80x54.jpg 80w, https:\/\/berdintasun.org\/wp-content\/uploads\/2020\/05\/3412-768x518.jpg 768w, https:\/\/berdintasun.org\/wp-content\/uploads\/2020\/05\/3412-705x476.jpg 705w\" data-sizes=\"(max-width: 800px) 100vw, 800px\"  data-onclick='1' title='3412' ><span class='avia-gallery-big-inner' ><img decoding=\"async\" fetchpriority=\"high\" class=\"wp-image-914 avia-img-lazy-loading-not-914\"  width=\"800\" height=\"540\" src=\"https:\/\/berdintasun.org\/wp-content\/uploads\/2020\/05\/3412.jpg\" title='3412' alt='' srcset=\"https:\/\/berdintasun.org\/wp-content\/uploads\/2020\/05\/3412.jpg 800w, https:\/\/berdintasun.org\/wp-content\/uploads\/2020\/05\/3412-300x203.jpg 300w, https:\/\/berdintasun.org\/wp-content\/uploads\/2020\/05\/3412-80x54.jpg 80w, https:\/\/berdintasun.org\/wp-content\/uploads\/2020\/05\/3412-768x518.jpg 768w, https:\/\/berdintasun.org\/wp-content\/uploads\/2020\/05\/3412-705x476.jpg 705w\" sizes=\"(max-width: 800px) 100vw, 800px\" \/><\/span><\/a><div class='avia-gallery-thumb'><a href=\"https:\/\/berdintasun.org\/wp-content\/uploads\/2020\/05\/3412.jpg\" data-srcset=\"https:\/\/berdintasun.org\/wp-content\/uploads\/2020\/05\/3412.jpg 800w, https:\/\/berdintasun.org\/wp-content\/uploads\/2020\/05\/3412-300x203.jpg 300w, https:\/\/berdintasun.org\/wp-content\/uploads\/2020\/05\/3412-80x54.jpg 80w, https:\/\/berdintasun.org\/wp-content\/uploads\/2020\/05\/3412-768x518.jpg 768w, https:\/\/berdintasun.org\/wp-content\/uploads\/2020\/05\/3412-705x476.jpg 705w\" data-sizes=\"(max-width: 800px) 100vw, 800px\" data-rel='gallery-1' data-prev-img='https:\/\/berdintasun.org\/wp-content\/uploads\/2020\/05\/3412.jpg' class='first_thumb lightbox ' data-onclick='1' title='3412'  ><img decoding=\"async\" fetchpriority=\"high\" class=\"wp-image-914 avia-img-lazy-loading-not-914\"   src=\"https:\/\/berdintasun.org\/wp-content\/uploads\/2020\/05\/3412-495x400.jpg\" width=\"495\" height=\"400\"  title='3412' alt='' \/><div class='big-prev-fake'><img decoding=\"async\" loading=\"lazy\" class=\"wp-image-914 avia-img-lazy-loading-914\"  width=\"800\" height=\"540\" src=\"https:\/\/berdintasun.org\/wp-content\/uploads\/2020\/05\/3412.jpg\" title='3412' alt='' srcset=\"https:\/\/berdintasun.org\/wp-content\/uploads\/2020\/05\/3412.jpg 800w, https:\/\/berdintasun.org\/wp-content\/uploads\/2020\/05\/3412-300x203.jpg 300w, https:\/\/berdintasun.org\/wp-content\/uploads\/2020\/05\/3412-80x54.jpg 80w, https:\/\/berdintasun.org\/wp-content\/uploads\/2020\/05\/3412-768x518.jpg 768w, https:\/\/berdintasun.org\/wp-content\/uploads\/2020\/05\/3412-705x476.jpg 705w\" sizes=\"auto, (max-width: 800px) 100vw, 800px\" \/><\/div><\/a><\/div><\/div><\/div>\n<style type=\"text\/css\" data-created_by=\"avia_inline_auto\" id=\"style-css-av-3vsw-9decbe6ee5fcbc5e67cc0133e7e8cc92\">\n.flex_column.av-3vsw-9decbe6ee5fcbc5e67cc0133e7e8cc92{\nborder-radius:0px 0px 0px 0px;\npadding:0px 0px 0px 0px;\n}\n<\/style>\n<div  class='flex_column av-3vsw-9decbe6ee5fcbc5e67cc0133e7e8cc92 av_one_third  avia-builder-el-3  el_after_av_two_third  avia-builder-el-last  flex_column_div av-zero-column-padding  '     ><p>\n<style type=\"text\/css\" data-created_by=\"avia_inline_auto\" id=\"style-css-av-kcp0nzas-3ff61460eb79ddb27ce7ab834b1fa185\">\n#top .av-special-heading.av-kcp0nzas-3ff61460eb79ddb27ce7ab834b1fa185{\npadding-bottom:10px;\ncolor:#72176b;\n}\nbody .av-special-heading.av-kcp0nzas-3ff61460eb79ddb27ce7ab834b1fa185 .av-special-heading-tag .heading-char{\nfont-size:25px;\n}\n.av-special-heading.av-kcp0nzas-3ff61460eb79ddb27ce7ab834b1fa185 .special-heading-inner-border{\nborder-color:#72176b;\n}\n.av-special-heading.av-kcp0nzas-3ff61460eb79ddb27ce7ab834b1fa185 .av-subheading{\nfont-size:15px;\n}\n<\/style>\n<div  class='av-special-heading av-kcp0nzas-3ff61460eb79ddb27ce7ab834b1fa185 av-special-heading-h1 custom-color-heading blockquote modern-quote  avia-builder-el-4  el_before_av_textblock  avia-builder-el-first '><h1 class='av-special-heading-tag '  >Jardunaldiak<\/h1><div class=\"special-heading-border\"><div class=\"special-heading-inner-border\"><\/div><\/div><\/div><br \/>\n<section  class='av_textblock_section av-k9v94sy2-4219a89479d5cbc7eadf85d03aa04ffb '  ><div class='avia_textblock' ><p><strong>Hainbat jardunaldien proposamen, antolakuntza eta kudeaketan hartu izan dugu parte, horien artean nabarmentzekoak dira:<\/strong><\/p>\n<ul>\n<li>\u201cEmakumeen aurkako indarkeriaren aurrean, taldekako jabetzea\u201d Jabekuntza xede eta lan-metodologia gisa ulertzeari buruzko gogoetak eta bizipenak. 2013 (SORTZEN aholkularitzarekin batera).<\/li>\n<li>\u201cKontziliazio arduratsua gizarte kohesiorako bide gisa\u201d Jardunaldia 2014.<\/li>\n<li>Emakundek 2018an antolatutako Jardunaldiak:\n<ul>\n<li>\u201cSoldata arrakalarik gabeko etorkizuna? Esku hartzeko tresnak\u201d.<\/li>\n<li>Enpresetan sexu-jazarpen eta sexuagatiko jazarpen egoeretan esku hartzea: erronkak eta gaiari heltzeko proposamenak.<\/li>\n<li><i>Berdintasunaren aldeko Euskal Gizonezkoen Gutunaren sinadura-ekitaldiaren 10. urteurrena ospatzeko ekitaldia.<\/i><\/li>\n<\/ul>\n<\/li>\n<\/ul>\n<\/div><\/section><\/p><\/div>\n\n<\/div><\/div><\/main><!-- close content main element --><\/div><div class='av-extra-border-element border-extra-arrow-down'><div class='av-extra-border-outer'><div class='av-extra-border-inner'><\/div><\/div><\/div><\/div>\n<style type=\"text\/css\" data-created_by=\"avia_inline_auto\" id=\"style-css-av-k9v9cxa0-fe856be2a355f2799a4859581223c55d\">\n.avia-section.av-k9v9cxa0-fe856be2a355f2799a4859581223c55d{\nbackground-color:#f2f2f2;\nbackground-image:unset;\n}\n<\/style>\n<div id='av_section_2'  class='avia-section av-k9v9cxa0-fe856be2a355f2799a4859581223c55d main_color avia-section-default avia-no-border-styling  avia-builder-el-6  el_after_av_section  avia-builder-el-last  avia-bg-style-scroll container_wrap fullsize'  ><div class='container av-section-cont-open' ><div class='template-page content  av-content-full alpha units'><div class='post-entry post-entry-type-page post-entry-917'><div class='entry-content-wrapper clearfix'>\n\n<style type=\"text\/css\" data-created_by=\"avia_inline_auto\" id=\"style-css-av-kcq14vuw-ee2400140e592674ae857715a1cd6e8b\">\n#top .av-special-heading.av-kcq14vuw-ee2400140e592674ae857715a1cd6e8b{\npadding-bottom:10px;\n}\nbody .av-special-heading.av-kcq14vuw-ee2400140e592674ae857715a1cd6e8b .av-special-heading-tag .heading-char{\nfont-size:25px;\n}\n.av-special-heading.av-kcq14vuw-ee2400140e592674ae857715a1cd6e8b .av-subheading{\nfont-size:15px;\n}\n<\/style>\n<div  class='av-special-heading av-kcq14vuw-ee2400140e592674ae857715a1cd6e8b av-special-heading-h2  avia-builder-el-7  el_before_av_masonry_entries  avia-builder-el-no-sibling '><h2 class='av-special-heading-tag '  >Berdintasun egindako beste proiektu batzuk<\/h2><div class=\"special-heading-border\"><div class=\"special-heading-inner-border\"><\/div><\/div><\/div>\n<div id='av-masonry-1' class='av-masonry av-kbq9cmo2-e8bbd8f7e37ccc91b9ae7d9a37aff88d noHover av-flex-size av-1px-gap av-hover-overlay-grayscale av-masonry-animation-active av-masonry-col-4 av-caption-always av-caption-style- av-masonry-entries otrosproyectos' data-post_id=\"917\"><div class=\"av-masonry-container isotope av-js-disabled\"><div class='av-masonry-entry isotope-item av-masonry-item-no-image all_sort jabetzerako-eskolak-eta-emakumeen-sareak_sort '><\/div><a href=\"https:\/\/berdintasun.org\/eu\/portfolio-item\/gasteizko-jabetze-feministarako-eskola\/\"  id='av-masonry-1-item-887' data-av-masonry-item='887' class='av-masonry-entry isotope-item post-887 portfolio type-portfolio status-publish has-post-thumbnail hentry portfolio_entries-jabetzerako-eskolak-eta-emakumeen-sareak all_sort jabetzerako-eskolak-eta-emakumeen-sareak_sort  av-masonry-item-with-image' title=\"escuela-empoderam-vitoria\"  ><div class='av-inner-masonry-sizer'><\/div><figure class='av-inner-masonry main_color'><div class=\"av-masonry-outerimage-container\"><div class='av-masonry-image-container'  ><img decoding=\"async\" width=\"705\" height=\"476\" fetchpriority=\"high\" class=\"wp-image-891 avia-img-lazy-loading-not-891\"  src=\"https:\/\/berdintasun.org\/wp-content\/uploads\/2020\/06\/escuela-empoderam-vitoria-705x476.jpg\" title=\"escuela-empoderam-vitoria\" alt=\"\" srcset=\"https:\/\/berdintasun.org\/wp-content\/uploads\/2020\/06\/escuela-empoderam-vitoria-705x476.jpg 705w, https:\/\/berdintasun.org\/wp-content\/uploads\/2020\/06\/escuela-empoderam-vitoria-300x203.jpg 300w, https:\/\/berdintasun.org\/wp-content\/uploads\/2020\/06\/escuela-empoderam-vitoria-80x54.jpg 80w, https:\/\/berdintasun.org\/wp-content\/uploads\/2020\/06\/escuela-empoderam-vitoria-768x518.jpg 768w, https:\/\/berdintasun.org\/wp-content\/uploads\/2020\/06\/escuela-empoderam-vitoria.jpg 800w\" sizes=\"(max-width: 705px) 100vw, 705px\" \/><\/div><\/div><figcaption class='av-inner-masonry-content site-background'><div class='av-inner-masonry-content-pos'><div class='av-inner-masonry-content-pos-content'><div class='avia-arrow'><\/div><h3 class='av-masonry-entry-title entry-title ' >Gasteizko Jabetze Feministarako Eskola<\/h3><\/div><\/div><\/figcaption><\/figure><\/a><!--end av-masonry entry--><a href=\"https:\/\/berdintasun.org\/eu\/portfolio-item\/laiaeskola\/\"  id='av-masonry-1-item-895' data-av-masonry-item='895' class='av-masonry-entry isotope-item post-895 portfolio type-portfolio status-publish has-post-thumbnail hentry portfolio_entries-jabetzerako-eskolak-eta-emakumeen-sareak all_sort jabetzerako-eskolak-eta-emakumeen-sareak_sort  av-masonry-item-with-image' title=\"LAIA_eskola-1-col\"  ><div class='av-inner-masonry-sizer'><\/div><figure class='av-inner-masonry main_color'><div class=\"av-masonry-outerimage-container\"><div class='av-masonry-image-container'  ><img decoding=\"async\" width=\"705\" height=\"476\" fetchpriority=\"high\" class=\"wp-image-900 avia-img-lazy-loading-not-900\"  src=\"https:\/\/berdintasun.org\/wp-content\/uploads\/2020\/06\/LAIA_eskola-1-col-705x476.jpg\" title=\"LAIA_eskola-1-col\" alt=\"\" srcset=\"https:\/\/berdintasun.org\/wp-content\/uploads\/2020\/06\/LAIA_eskola-1-col-705x476.jpg 705w, https:\/\/berdintasun.org\/wp-content\/uploads\/2020\/06\/LAIA_eskola-1-col-300x203.jpg 300w, https:\/\/berdintasun.org\/wp-content\/uploads\/2020\/06\/LAIA_eskola-1-col-80x54.jpg 80w, https:\/\/berdintasun.org\/wp-content\/uploads\/2020\/06\/LAIA_eskola-1-col-768x518.jpg 768w, https:\/\/berdintasun.org\/wp-content\/uploads\/2020\/06\/LAIA_eskola-1-col.jpg 800w\" sizes=\"(max-width: 705px) 100vw, 705px\" \/><\/div><\/div><figcaption class='av-inner-masonry-content site-background'><div class='av-inner-masonry-content-pos'><div class='av-inner-masonry-content-pos-content'><div class='avia-arrow'><\/div><h3 class='av-masonry-entry-title entry-title ' >LAIAeskola<\/h3><\/div><\/div><\/figcaption><\/figure><\/a><!--end av-masonry entry--><a href=\"https:\/\/berdintasun.org\/eu\/portfolio-item\/virginia-woolf-basqueskola\/\"  id='av-masonry-1-item-902' data-av-masonry-item='902' class='av-masonry-entry isotope-item post-902 portfolio type-portfolio status-publish has-post-thumbnail hentry portfolio_entries-jabetzerako-eskolak-eta-emakumeen-sareak all_sort jabetzerako-eskolak-eta-emakumeen-sareak_sort  av-masonry-item-with-image' title=\"berdintasun-basqueskola\"  ><div class='av-inner-masonry-sizer'><\/div><figure class='av-inner-masonry main_color'><div class=\"av-masonry-outerimage-container\"><div class='av-masonry-image-container'  ><img decoding=\"async\" width=\"705\" height=\"476\" fetchpriority=\"high\" class=\"wp-image-904 avia-img-lazy-loading-not-904\"  src=\"https:\/\/berdintasun.org\/wp-content\/uploads\/2020\/05\/berdintasun-basqueskola-705x476.jpg\" title=\"berdintasun-basqueskola\" alt=\"\" srcset=\"https:\/\/berdintasun.org\/wp-content\/uploads\/2020\/05\/berdintasun-basqueskola-705x476.jpg 705w, https:\/\/berdintasun.org\/wp-content\/uploads\/2020\/05\/berdintasun-basqueskola-300x203.jpg 300w, https:\/\/berdintasun.org\/wp-content\/uploads\/2020\/05\/berdintasun-basqueskola-80x54.jpg 80w, https:\/\/berdintasun.org\/wp-content\/uploads\/2020\/05\/berdintasun-basqueskola-768x518.jpg 768w, https:\/\/berdintasun.org\/wp-content\/uploads\/2020\/05\/berdintasun-basqueskola.jpg 800w\" sizes=\"(max-width: 705px) 100vw, 705px\" \/><\/div><\/div><figcaption class='av-inner-masonry-content site-background'><div class='av-inner-masonry-content-pos'><div class='av-inner-masonry-content-pos-content'><div class='avia-arrow'><\/div><h3 class='av-masonry-entry-title entry-title ' >Virginia Woolf Basqueskola<\/h3><\/div><\/div><\/figcaption><\/figure><\/a><!--end av-masonry entry--><a href=\"https:\/\/berdintasun.org\/eu\/portfolio-item\/gizonduz\/\"  id='av-masonry-1-item-908' data-av-masonry-item='908' class='av-masonry-entry isotope-item post-908 portfolio type-portfolio status-publish has-post-thumbnail hentry portfolio_entries-jabetzerako-eskolak-eta-emakumeen-sareak all_sort jabetzerako-eskolak-eta-emakumeen-sareak_sort  av-masonry-item-with-image' title=\"folleto_gizonduz_2020_cas-1\"  ><div class='av-inner-masonry-sizer'><\/div><figure class='av-inner-masonry main_color'><div class=\"av-masonry-outerimage-container\"><div class='av-masonry-image-container'  ><img decoding=\"async\" width=\"705\" height=\"476\" fetchpriority=\"high\" class=\"wp-image-910 avia-img-lazy-loading-not-910\"  src=\"https:\/\/berdintasun.org\/wp-content\/uploads\/2020\/06\/folleto_gizonduz_2020_cas-1-705x476.jpg\" title=\"folleto_gizonduz_2020_cas-1\" alt=\"\" srcset=\"https:\/\/berdintasun.org\/wp-content\/uploads\/2020\/06\/folleto_gizonduz_2020_cas-1-705x476.jpg 705w, https:\/\/berdintasun.org\/wp-content\/uploads\/2020\/06\/folleto_gizonduz_2020_cas-1-300x203.jpg 300w, https:\/\/berdintasun.org\/wp-content\/uploads\/2020\/06\/folleto_gizonduz_2020_cas-1-80x54.jpg 80w, https:\/\/berdintasun.org\/wp-content\/uploads\/2020\/06\/folleto_gizonduz_2020_cas-1-768x518.jpg 768w, https:\/\/berdintasun.org\/wp-content\/uploads\/2020\/06\/folleto_gizonduz_2020_cas-1.jpg 800w\" sizes=\"(max-width: 705px) 100vw, 705px\" \/><\/div><\/div><figcaption class='av-inner-masonry-content site-background'><div class='av-inner-masonry-content-pos'><div class='av-inner-masonry-content-pos-content'><div class='avia-arrow'><\/div><h3 class='av-masonry-entry-title entry-title ' >Gizonduz<\/h3><\/div><\/div><\/figcaption><\/figure><\/a><!--end av-masonry entry--><\/div><\/div>\n\n","protected":false},"excerpt":{"rendered":"<p>Hemos participado en la propuesta, organizaci\u00f3n y gesti\u00f3n de diversas jornadas, entre las que destacamos \u00e9stas.<\/p>\n","protected":false},"author":4,"featured_media":914,"comment_status":"closed","ping_status":"closed","template":"","meta":{"footnotes":""},"tags":[],"portfolio_entries":[24],"class_list":["post-917","portfolio","type-portfolio","status-publish","has-post-thumbnail","hentry","portfolio_entries-jardunaldiak"],"yoast_head":"<!-- This site is optimized with the Yoast SEO plugin v27.3 - https:\/\/yoast.com\/product\/yoast-seo-wordpress\/ -->\n<title>Jardunaldiak - Berdintasun Proiektuak<\/title>\n<meta name=\"robots\" content=\"index, follow, max-snippet:-1, max-image-preview:large, max-video-preview:-1\" \/>\n<link rel=\"canonical\" href=\"https:\/\/berdintasun.org\/eu\/portfolio-item\/jardunaldiak\/\" \/>\n<meta property=\"og:locale\" content=\"eu_ES\" \/>\n<meta property=\"og:type\" content=\"article\" \/>\n<meta property=\"og:title\" content=\"Jardunaldiak - Berdintasun Proiektuak\" \/>\n<meta property=\"og:description\" content=\"Hemos participado en la propuesta, organizaci\u00f3n y gesti\u00f3n de diversas jornadas, entre las que destacamos \u00e9stas.\" \/>\n<meta property=\"og:url\" content=\"https:\/\/berdintasun.org\/eu\/portfolio-item\/jardunaldiak\/\" \/>\n<meta property=\"og:site_name\" content=\"Berdintasun Proiektuak\" \/>\n<meta property=\"article:modified_time\" content=\"2020-07-17T09:38:21+00:00\" \/>\n<meta property=\"og:image\" content=\"https:\/\/berdintasun.org\/wp-content\/uploads\/2020\/05\/3412.jpg\" \/>\n\t<meta property=\"og:image:width\" content=\"800\" \/>\n\t<meta property=\"og:image:height\" content=\"540\" \/>\n\t<meta property=\"og:image:type\" content=\"image\/jpeg\" \/>\n<meta name=\"twitter:card\" content=\"summary_large_image\" \/>\n<meta name=\"twitter:label1\" content=\"Est. reading time\" \/>\n\t<meta name=\"twitter:data1\" content=\"4 minutes\" \/>\n<script type=\"application\/ld+json\" class=\"yoast-schema-graph\">{\"@context\":\"https:\\\/\\\/schema.org\",\"@graph\":[{\"@type\":\"WebPage\",\"@id\":\"https:\\\/\\\/berdintasun.org\\\/eu\\\/portfolio-item\\\/jardunaldiak\\\/\",\"url\":\"https:\\\/\\\/berdintasun.org\\\/eu\\\/portfolio-item\\\/jardunaldiak\\\/\",\"name\":\"Jardunaldiak - Berdintasun Proiektuak\",\"isPartOf\":{\"@id\":\"https:\\\/\\\/berdintasun.org\\\/#website\"},\"primaryImageOfPage\":{\"@id\":\"https:\\\/\\\/berdintasun.org\\\/eu\\\/portfolio-item\\\/jardunaldiak\\\/#primaryimage\"},\"image\":{\"@id\":\"https:\\\/\\\/berdintasun.org\\\/eu\\\/portfolio-item\\\/jardunaldiak\\\/#primaryimage\"},\"thumbnailUrl\":\"https:\\\/\\\/berdintasun.org\\\/wp-content\\\/uploads\\\/2020\\\/05\\\/3412.jpg\",\"datePublished\":\"2020-07-16T16:11:13+00:00\",\"dateModified\":\"2020-07-17T09:38:21+00:00\",\"breadcrumb\":{\"@id\":\"https:\\\/\\\/berdintasun.org\\\/eu\\\/portfolio-item\\\/jardunaldiak\\\/#breadcrumb\"},\"inLanguage\":\"eu-ES\",\"potentialAction\":[{\"@type\":\"ReadAction\",\"target\":[\"https:\\\/\\\/berdintasun.org\\\/eu\\\/portfolio-item\\\/jardunaldiak\\\/\"]}]},{\"@type\":\"ImageObject\",\"inLanguage\":\"eu-ES\",\"@id\":\"https:\\\/\\\/berdintasun.org\\\/eu\\\/portfolio-item\\\/jardunaldiak\\\/#primaryimage\",\"url\":\"https:\\\/\\\/berdintasun.org\\\/wp-content\\\/uploads\\\/2020\\\/05\\\/3412.jpg\",\"contentUrl\":\"https:\\\/\\\/berdintasun.org\\\/wp-content\\\/uploads\\\/2020\\\/05\\\/3412.jpg\",\"width\":800,\"height\":540},{\"@type\":\"BreadcrumbList\",\"@id\":\"https:\\\/\\\/berdintasun.org\\\/eu\\\/portfolio-item\\\/jardunaldiak\\\/#breadcrumb\",\"itemListElement\":[{\"@type\":\"ListItem\",\"position\":1,\"name\":\"Portada\",\"item\":\"https:\\\/\\\/berdintasun.org\\\/eu\\\/\"},{\"@type\":\"ListItem\",\"position\":2,\"name\":\"Jardunaldiak\"}]},{\"@type\":\"WebSite\",\"@id\":\"https:\\\/\\\/berdintasun.org\\\/#website\",\"url\":\"https:\\\/\\\/berdintasun.org\\\/\",\"name\":\"Berdintasun Proiektuak\",\"description\":\"Consultora homologada por Emakunde que presta sus servicios en el \u00e1mbito de la igualdad de g\u00e9nero, asesorando a empresas, entidades e instituciones\",\"potentialAction\":[{\"@type\":\"SearchAction\",\"target\":{\"@type\":\"EntryPoint\",\"urlTemplate\":\"https:\\\/\\\/berdintasun.org\\\/?s={search_term_string}\"},\"query-input\":{\"@type\":\"PropertyValueSpecification\",\"valueRequired\":true,\"valueName\":\"search_term_string\"}}],\"inLanguage\":\"eu-ES\"}]}<\/script>\n<!-- \/ Yoast SEO plugin. -->","yoast_head_json":{"title":"Jardunaldiak - Berdintasun Proiektuak","robots":{"index":"index","follow":"follow","max-snippet":"max-snippet:-1","max-image-preview":"max-image-preview:large","max-video-preview":"max-video-preview:-1"},"canonical":"https:\/\/berdintasun.org\/eu\/portfolio-item\/jardunaldiak\/","og_locale":"eu_ES","og_type":"article","og_title":"Jardunaldiak - Berdintasun Proiektuak","og_description":"Hemos participado en la propuesta, organizaci\u00f3n y gesti\u00f3n de diversas jornadas, entre las que destacamos \u00e9stas.","og_url":"https:\/\/berdintasun.org\/eu\/portfolio-item\/jardunaldiak\/","og_site_name":"Berdintasun Proiektuak","article_modified_time":"2020-07-17T09:38:21+00:00","og_image":[{"width":800,"height":540,"url":"https:\/\/berdintasun.org\/wp-content\/uploads\/2020\/05\/3412.jpg","type":"image\/jpeg"}],"twitter_card":"summary_large_image","twitter_misc":{"Est. reading time":"4 minutes"},"schema":{"@context":"https:\/\/schema.org","@graph":[{"@type":"WebPage","@id":"https:\/\/berdintasun.org\/eu\/portfolio-item\/jardunaldiak\/","url":"https:\/\/berdintasun.org\/eu\/portfolio-item\/jardunaldiak\/","name":"Jardunaldiak - Berdintasun Proiektuak","isPartOf":{"@id":"https:\/\/berdintasun.org\/#website"},"primaryImageOfPage":{"@id":"https:\/\/berdintasun.org\/eu\/portfolio-item\/jardunaldiak\/#primaryimage"},"image":{"@id":"https:\/\/berdintasun.org\/eu\/portfolio-item\/jardunaldiak\/#primaryimage"},"thumbnailUrl":"https:\/\/berdintasun.org\/wp-content\/uploads\/2020\/05\/3412.jpg","datePublished":"2020-07-16T16:11:13+00:00","dateModified":"2020-07-17T09:38:21+00:00","breadcrumb":{"@id":"https:\/\/berdintasun.org\/eu\/portfolio-item\/jardunaldiak\/#breadcrumb"},"inLanguage":"eu-ES","potentialAction":[{"@type":"ReadAction","target":["https:\/\/berdintasun.org\/eu\/portfolio-item\/jardunaldiak\/"]}]},{"@type":"ImageObject","inLanguage":"eu-ES","@id":"https:\/\/berdintasun.org\/eu\/portfolio-item\/jardunaldiak\/#primaryimage","url":"https:\/\/berdintasun.org\/wp-content\/uploads\/2020\/05\/3412.jpg","contentUrl":"https:\/\/berdintasun.org\/wp-content\/uploads\/2020\/05\/3412.jpg","width":800,"height":540},{"@type":"BreadcrumbList","@id":"https:\/\/berdintasun.org\/eu\/portfolio-item\/jardunaldiak\/#breadcrumb","itemListElement":[{"@type":"ListItem","position":1,"name":"Portada","item":"https:\/\/berdintasun.org\/eu\/"},{"@type":"ListItem","position":2,"name":"Jardunaldiak"}]},{"@type":"WebSite","@id":"https:\/\/berdintasun.org\/#website","url":"https:\/\/berdintasun.org\/","name":"Berdintasun Proiektuak","description":"Consultora homologada por Emakunde que presta sus servicios en el \u00e1mbito de la igualdad de g\u00e9nero, asesorando a empresas, entidades e instituciones","potentialAction":[{"@type":"SearchAction","target":{"@type":"EntryPoint","urlTemplate":"https:\/\/berdintasun.org\/?s={search_term_string}"},"query-input":{"@type":"PropertyValueSpecification","valueRequired":true,"valueName":"search_term_string"}}],"inLanguage":"eu-ES"}]}},"_links":{"self":[{"href":"https:\/\/berdintasun.org\/eu\/wp-json\/wp\/v2\/portfolio\/917","targetHints":{"allow":["GET"]}}],"collection":[{"href":"https:\/\/berdintasun.org\/eu\/wp-json\/wp\/v2\/portfolio"}],"about":[{"href":"https:\/\/berdintasun.org\/eu\/wp-json\/wp\/v2\/types\/portfolio"}],"author":[{"embeddable":true,"href":"https:\/\/berdintasun.org\/eu\/wp-json\/wp\/v2\/users\/4"}],"replies":[{"embeddable":true,"href":"https:\/\/berdintasun.org\/eu\/wp-json\/wp\/v2\/comments?post=917"}],"version-history":[{"count":5,"href":"https:\/\/berdintasun.org\/eu\/wp-json\/wp\/v2\/portfolio\/917\/revisions"}],"predecessor-version":[{"id":946,"href":"https:\/\/berdintasun.org\/eu\/wp-json\/wp\/v2\/portfolio\/917\/revisions\/946"}],"wp:featuredmedia":[{"embeddable":true,"href":"https:\/\/berdintasun.org\/eu\/wp-json\/wp\/v2\/media\/914"}],"wp:attachment":[{"href":"https:\/\/berdintasun.org\/eu\/wp-json\/wp\/v2\/media?parent=917"}],"wp:term":[{"taxonomy":"post_tag","embeddable":true,"href":"https:\/\/berdintasun.org\/eu\/wp-json\/wp\/v2\/tags?post=917"},{"taxonomy":"portfolio_entries","embeddable":true,"href":"https:\/\/berdintasun.org\/eu\/wp-json\/wp\/v2\/portfolio_entries?post=917"}],"curies":[{"name":"wp","href":"https:\/\/api.w.org\/{rel}","templated":true}]}}